{"id":4140,"date":"2021-11-30T13:31:36","date_gmt":"2021-11-30T13:31:36","guid":{"rendered":"https:\/\/meinlachen.de\/tedavi\/cmd-kiefergelenksbehandlung\/"},"modified":"2023-01-24T14:28:41","modified_gmt":"2023-01-24T14:28:41","slug":"cene-eklemi-tedavisi","status":"publish","type":"page","link":"https:\/\/meinlachen.de\/tr\/tedavi\/cene-eklemi-tedavisi\/","title":{"rendered":"\u00c7ene eklemi tedavisi"},"content":{"rendered":"<p><div class=\"fusion-fullwidth fullwidth-box fusion-builder-row-1 fusion-flex-container fusion-parallax-none hundred-percent-fullwidth non-hundred-percent-height-scrolling header-image\" style=\"--awb-border-radius-top-left:0px;--awb-border-radius-top-right:0px;--awb-border-radius-bottom-right:0px;--awb-border-radius-bottom-left:0px;--awb-padding-top:15%;--awb-padding-bottom:15%;--awb-margin-top:-60px;--awb-background-image:url(&quot;https:\/\/meinlachen.de\/wp-content\/uploads\/2022\/12\/kiefergelenkbehandlung-frau-schmerzen-scaled.jpg&quot;);--awb-background-size:cover;--awb-flex-wrap:wrap;\" ><div class=\"fusion-builder-row fusion-row fusion-flex-align-items-flex-start fusion-flex-content-wrap\" style=\"width:104% !important;max-width:104% !important;margin-left: calc(-4% \/ 2 );margin-right: calc(-4% \/ 2 );\"><div class=\"fusion-layout-column fusion_builder_column fusion-builder-column-0 fusion_builder_column_1_1 1_1 fusion-flex-column\" style=\"--awb-bg-size:cover;--awb-width-large:100%;--awb-margin-top-large:0px;--awb-spacing-right-large:1.92%;--awb-margin-bottom-large:20px;--awb-spacing-left-large:1.92%;--awb-width-medium:100%;--awb-order-medium:0;--awb-spacing-right-medium:1.92%;--awb-spacing-left-medium:1.92%;--awb-width-small:100%;--awb-order-small:0;--awb-spacing-right-small:1.92%;--awb-spacing-left-small:1.92%;\"><div class=\"fusion-column-wrapper fusion-column-has-shadow fusion-flex-justify-content-flex-start fusion-content-layout-column\"><div class=\"fusion-separator fusion-full-width-sep\" style=\"align-self: center;margin-left: auto;margin-right: auto;width:100%;\"><\/div><\/div><\/div><\/div><\/div><div class=\"fusion-fullwidth fullwidth-box fusion-builder-row-2 fusion-flex-container nonhundred-percent-fullwidth non-hundred-percent-height-scrolling headline-container\" style=\"--awb-border-radius-top-left:0px;--awb-border-radius-top-right:0px;--awb-border-radius-bottom-right:0px;--awb-border-radius-bottom-left:0px;--awb-padding-right:10%;--awb-padding-left:10%;--awb-margin-top:-145px;--awb-margin-top-medium:-90px;--awb-margin-top-small:-30px;--awb-flex-wrap:wrap;\" ><div class=\"fusion-builder-row fusion-row fusion-flex-align-items-stretch fusion-flex-content-wrap\" style=\"max-width:calc( 1140px + 0px );margin-left: calc(-0px \/ 2 );margin-right: calc(-0px \/ 2 );\"><div class=\"fusion-layout-column fusion_builder_column fusion-builder-column-1 fusion-flex-column headline-container-text\" style=\"--awb-padding-right:30px;--awb-padding-left:30px;--awb-overflow:hidden;--awb-bg-color:#ffffff;--awb-bg-color-hover:#ffffff;--awb-bg-size:cover;--awb-border-radius:40px 0px 0px 0px;--awb-width-large:76%;--awb-margin-top-large:0px;--awb-spacing-right-large:0px;--awb-margin-bottom-large:20px;--awb-spacing-left-large:0px;--awb-width-medium:76%;--awb-order-medium:0;--awb-spacing-right-medium:0px;--awb-spacing-left-medium:0px;--awb-width-small:100%;--awb-order-small:0;--awb-spacing-right-small:0px;--awb-spacing-left-small:0px;\"><div class=\"fusion-column-wrapper fusion-column-has-shadow fusion-flex-justify-content-flex-start fusion-content-layout-column\"><div class=\"fusion-title title fusion-title-1 fusion-sep-none fusion-title-text fusion-title-size-one\" style=\"--awb-margin-top-small:20px;--awb-margin-right-small:0px;--awb-margin-bottom-small:20px;--awb-margin-left-small:0px;\"><h1 class=\"fusion-title-heading title-heading-left sm-text-align-center fusion-responsive-typography-calculated\" style=\"margin:0;--fontSize:56;line-height:var(--awb-typography1-line-height);\">\u00c7ene eklemi tedavisi<\/h1><\/div><\/div><\/div><div class=\"fusion-layout-column fusion_builder_column fusion-builder-column-2 fusion-flex-column fusion-no-small-visibility\" style=\"--awb-bg-color:var(--awb-color1);--awb-bg-color-hover:var(--awb-color1);--awb-bg-size:cover;--awb-width-large:12%;--awb-margin-top-large:0px;--awb-spacing-right-large:0px;--awb-margin-bottom-large:20px;--awb-spacing-left-large:0px;--awb-width-medium:12%;--awb-order-medium:0;--awb-spacing-right-medium:0px;--awb-spacing-left-medium:0px;--awb-width-small:100%;--awb-order-small:0;--awb-spacing-right-small:0px;--awb-spacing-left-small:0px;\"><div class=\"fusion-column-wrapper fusion-column-has-shadow fusion-flex-justify-content-flex-start fusion-content-layout-column\"><script src=\"https:\/\/cdn1.jameda-elements.de\/widgets\/siegel\/70684985000_2\/97932\/\" type=\"text\/javascript\" async><\/script><div id=\"jameda-widget-container97932\" style=\"position:relative; width:97px; height:145px; margin:0px 25px; background-image:url(https:\/\/cdn1.jameda-elements.de\/premium\/widgets\/_images\/bw-small-bg.png); background-repeat:no-repeat; font-family:Arial, Helvetica, sans-serif; font-size:12px; line-height:15px;\"><a href=\"http:\/\/www.jameda.de\/bochum\/gemeinschaftspraxen\/gruppe\/?utm_content=BWnote&utm_source=Kunden-Homepages&utm_medium=Badges&utm_term=70684985000&utm_campaign=Badges\" class=\"jam_link_check\" style=\"display:block; position:absolute; top:100px; left:10px; width:70px; height:20px; background-color:transparent !important;\" target=\"_blank\"><\/a><\/div>\n<\/div><\/div><div class=\"fusion-layout-column fusion_builder_column fusion-builder-column-3 fusion-flex-column fusion-no-small-visibility\" style=\"--awb-overflow:hidden;--awb-bg-color:var(--awb-color1);--awb-bg-color-hover:var(--awb-color1);--awb-bg-size:cover;--awb-border-radius:0px 40px 0px 0px;--awb-width-large:12%;--awb-margin-top-large:0px;--awb-spacing-right-large:0px;--awb-margin-bottom-large:20px;--awb-spacing-left-large:0px;--awb-width-medium:12%;--awb-order-medium:0;--awb-spacing-right-medium:0px;--awb-spacing-left-medium:0px;--awb-width-small:100%;--awb-order-small:0;--awb-spacing-right-small:0px;--awb-spacing-left-small:0px;\"><div class=\"fusion-column-wrapper fusion-column-has-shadow fusion-flex-justify-content-flex-start fusion-content-layout-column\"><div class=\"fusion-image-element\" style=\"--awb-max-width:95px;--awb-caption-title-font-family:var(--h2_typography-font-family);--awb-caption-title-font-weight:var(--h2_typography-font-weight);--awb-caption-title-font-style:var(--h2_typography-font-style);--awb-caption-title-size:var(--h2_typography-font-size);--awb-caption-title-transform:var(--h2_typography-text-transform);--awb-caption-title-line-height:var(--h2_typography-line-height);--awb-caption-title-letter-spacing:var(--h2_typography-letter-spacing);\"><span class=\" fusion-imageframe imageframe-none imageframe-1 hover-type-none\"><img decoding=\"async\" width=\"79\" height=\"160\" title=\"_2026_dr-bernd-genderski_kieferorthop\u00e4de_bochum_focus-gesund_small-medium\" src=\"https:\/\/meinlachen.de\/wp-content\/uploads\/2022\/02\/2026_dr-bernd-genderski_kieferorthopaede_bochum_focus-gesund_small-medium.png\" alt class=\"img-responsive wp-image-6125\"\/><\/span><\/div>\n<\/div><\/div><\/div><\/div><div class=\"fusion-fullwidth fullwidth-box fusion-builder-row-3 fusion-flex-container nonhundred-percent-fullwidth non-hundred-percent-height-scrolling\" style=\"--awb-border-radius-top-left:0px;--awb-border-radius-top-right:0px;--awb-border-radius-bottom-right:0px;--awb-border-radius-bottom-left:0px;--awb-padding-right:10%;--awb-padding-left:10%;--awb-padding-right-medium:30px;--awb-padding-left-medium:30px;--awb-margin-bottom:30px;--awb-flex-wrap:wrap;\" ><div class=\"fusion-builder-row fusion-row fusion-flex-align-items-flex-start fusion-flex-content-wrap\" style=\"max-width:1185.6px;margin-left: calc(-4% \/ 2 );margin-right: calc(-4% \/ 2 );\"><div class=\"fusion-layout-column fusion_builder_column fusion-builder-column-4 fusion_builder_column_1_1 1_1 fusion-flex-column\" style=\"--awb-padding-right:30px;--awb-padding-left:30px;--awb-padding-right-medium:0px;--awb-padding-left-medium:0px;--awb-bg-color:#ffffff;--awb-bg-color-hover:#ffffff;--awb-bg-size:cover;--awb-width-large:100%;--awb-margin-top-large:-40px;--awb-spacing-right-large:1.92%;--awb-margin-bottom-large:20px;--awb-spacing-left-large:1.92%;--awb-width-medium:100%;--awb-order-medium:0;--awb-margin-top-medium:0;--awb-spacing-right-medium:1.92%;--awb-spacing-left-medium:1.92%;--awb-width-small:100%;--awb-order-small:0;--awb-spacing-right-small:1.92%;--awb-spacing-left-small:1.92%;\"><div class=\"fusion-column-wrapper fusion-column-has-shadow fusion-flex-justify-content-flex-start fusion-content-layout-column\"><nav class=\"fusion-breadcrumbs awb-yoast-breadcrumbs fusion-breadcrumbs-1\" style=\"--awb-margin-bottom:40px;--awb-alignment:left;--awb-text-hover-color:#ff9600;--awb-breadcrumb-sep:&#039;&gt;&#039;;text-align:left;\" aria-label=\"Breadcrumb\"><span><span><a href=\"https:\/\/meinlachen.de\/tr\/\">Startseite<\/a><\/span><\/span><\/nav><div class=\"fusion-text fusion-text-1\" style=\"--awb-text-transform:none;\"><p>K\u00fc\u00e7\u00fck bir eklem olmas\u0131na ra\u011fmen fonksiyonu a\u00e7\u0131s\u0131ndan olduk\u00e7a \u00f6nemlidir. \u00c7ene eklemi g\u00fcn boyu olduk\u00e7a a\u011f\u0131r bir \u00e7al\u0131\u015fma g\u00f6sterir. Konu\u015fma, \u00e7i\u011fneme, g\u00fclme fonksiyonlar\u0131n\u0131 sa\u011flayan v\u00fccudumuzda en \u00e7ok kullan\u0131lan eklemdir .Bu nedenle \u00e7ene ekleminin problemsiz ve a\u011fr\u0131s\u0131z bir \u015fekilde fonksiyonunu yerine getirmesi \u00f6nemlidir.<\/p>\n<p>\u00c7o\u011funlukla ba\u015f boyun b\u00f6lgesine ait fonksiyon\u00a0 bozukluklar\u0131 \u00e7ene ekleminde a\u011fr\u0131lara neden olabilir. Craniomandibuler fonksiyon bozuklu\u011fu denen bu\u00a0durumun ne oldu\u011fu ,te\u015fhisi ve a\u011fr\u0131ya kar\u015f\u0131 neler yap\u0131lmas\u0131 gerekti\u011fi a\u015fa\u011f\u0131 da a\u00e7\u0131klanmaktad\u0131r.<\/p>\n<\/div><div class=\"fusion-title title fusion-title-2 fusion-sep-none fusion-title-text fusion-title-size-two\" style=\"--awb-margin-top-small:20px;--awb-margin-right-small:0px;--awb-margin-bottom-small:20px;--awb-margin-left-small:0px;\"><h2 class=\"fusion-title-heading title-heading-left fusion-responsive-typography-calculated\" style=\"margin:0;--fontSize:32;line-height:var(--awb-typography1-line-height);\">\u00c7ene eklemi a\u011fr\u0131s\u0131: Belirtileri<\/h2><\/div><div class=\"fusion-text fusion-text-2\" style=\"--awb-text-transform:none;\"><p>\u00c7ene eklemi hastal\u0131klar\u0131n\u0131n en belirgin semptomu, \u00e7i\u011fneme kaslar\u0131nda ve buna ba\u011fl\u0131 olarak kulak \u00f6n b\u00f6lgesine yay\u0131lan a\u011fr\u0131d\u0131r. A\u011fr\u0131 \u00e7i\u011fneme esnas\u0131nda yada alt \u00e7enenin hareketleri s\u0131ras\u0131nda dayan\u0131lmaz bir hal alabilir.<\/p>\n<p>Fonksiyonel bozukluklar olarak adland\u0131r\u0131lan bu durum alt \u00e7enenin hareketlerinin k\u0131s\u0131tlanmas\u0131na ve asimetriye,\u00a0 s\u00fcrt\u00fcnmeye ba\u011fl\u0131 olarak \u00e7ene ekleminden ses gelmesine neden olur.<\/p>\n<\/div><div class=\"fusion-title title fusion-title-3 fusion-sep-none fusion-title-text fusion-title-size-two\" style=\"--awb-margin-top-small:20px;--awb-margin-right-small:0px;--awb-margin-bottom-small:20px;--awb-margin-left-small:0px;\"><h2 class=\"fusion-title-heading title-heading-left fusion-responsive-typography-calculated\" style=\"margin:0;--fontSize:32;line-height:var(--awb-typography1-line-height);\">Fonksiyon bozuklu\u011funun di\u011fer belirtileri<\/h2><\/div><div class=\"fusion-text fusion-text-3\" style=\"--awb-text-transform:none;\"><p>E\u015flik eden belirtiler:<\/p>\n<ul>\n<li>\u00c7ene a\u011fr\u0131lar\u0131<\/li>\n<li>D\u0131\u015f a\u011fr\u0131s\u0131<\/li>\n<li>Kulak a\u011fr\u0131s\u0131<\/li>\n<li>Ba\u015f-ve y\u00fcz a\u011fr\u0131s\u0131<\/li>\n<\/ul>\n<p>Di\u011fer belirtiler, d\u0131\u015f g\u0131c\u0131rdatma ve\u00a0 a\u015f\u0131r\u0131 \u00e7ene kuvvetleri sonucu di\u015f sert dokular\u0131nda g\u00f6r\u00fclen a\u015f\u0131nmalara ba\u011fl\u0131 olarak \u00e7i\u011fneme kaslar\u0131n\u0131n daha da belirginlesmesidir<\/p>\n<\/div><\/div><\/div><\/div><\/div><div class=\"fusion-fullwidth fullwidth-box fusion-builder-row-4 fusion-flex-container nonhundred-percent-fullwidth non-hundred-percent-height-scrolling\" style=\"--awb-border-radius-top-left:0px;--awb-border-radius-top-right:0px;--awb-border-radius-bottom-right:0px;--awb-border-radius-bottom-left:0px;--awb-padding-right:10%;--awb-padding-left:10%;--awb-padding-right-medium:30px;--awb-padding-left-medium:30px;--awb-margin-bottom:30px;--awb-flex-wrap:wrap;\" ><div class=\"fusion-builder-row fusion-row fusion-flex-align-items-flex-start fusion-flex-content-wrap\" style=\"max-width:1185.6px;margin-left: calc(-4% \/ 2 );margin-right: calc(-4% \/ 2 );\"><div class=\"fusion-layout-column fusion_builder_column fusion-builder-column-5 fusion_builder_column_3_4 3_4 fusion-flex-column\" style=\"--awb-padding-right:30px;--awb-padding-left:30px;--awb-padding-right-medium:0px;--awb-padding-left-medium:0px;--awb-bg-color:#ffffff;--awb-bg-color-hover:#ffffff;--awb-bg-size:cover;--awb-width-large:75%;--awb-margin-top-large:-40px;--awb-spacing-right-large:2.56%;--awb-margin-bottom-large:20px;--awb-spacing-left-large:2.56%;--awb-width-medium:75%;--awb-order-medium:0;--awb-margin-top-medium:0;--awb-spacing-right-medium:2.56%;--awb-spacing-left-medium:2.56%;--awb-width-small:100%;--awb-order-small:0;--awb-spacing-right-small:1.92%;--awb-spacing-left-small:1.92%;\"><div class=\"fusion-column-wrapper fusion-column-has-shadow fusion-flex-justify-content-flex-start fusion-content-layout-column\"><div class=\"fusion-title title fusion-title-4 fusion-sep-none fusion-title-text fusion-title-size-two\" style=\"--awb-margin-top:0px;--awb-margin-top-small:20px;--awb-margin-right-small:0px;--awb-margin-bottom-small:20px;--awb-margin-left-small:0px;\"><h2 class=\"fusion-title-heading title-heading-left fusion-responsive-typography-calculated\" style=\"margin:0;--fontSize:32;line-height:var(--awb-typography1-line-height);\">Craniomandibular (Ba\u015f ve \u00e7ene b\u00f6lgesi) fonksiyon bozuklu\u011fu ne demektir?<\/h2><\/div><div class=\"fusion-text fusion-text-4\" style=\"--awb-text-transform:none;\"><p>CMD olarak k\u0131salt\u0131lm\u0131\u015f olan craniomandibular fonksiyon bozuklu\u011fu ,\u00e7i\u011fneme sistemini ilgilendiren bir bozukluktur. Bu durumun tedavisinde ilk ad\u0131m a\u015fa\u011f\u0131da da belirtilece\u011fi gibi \u00f6ncelikle uygun bir tedavi plan\u0131 haz\u0131rlamakt\u0131r.<\/p>\n<\/div><div class=\"fusion-title title fusion-title-5 fusion-sep-none fusion-title-text fusion-title-size-two\" style=\"--awb-margin-top-small:20px;--awb-margin-right-small:0px;--awb-margin-bottom-small:20px;--awb-margin-left-small:0px;\"><h2 class=\"fusion-title-heading title-heading-left fusion-responsive-typography-calculated\" style=\"margin:0;--fontSize:32;line-height:var(--awb-typography1-line-height);\">Fonksiyon te\u015fhisi: Ba\u015far\u0131l\u0131 bir tedavi i\u00e7in \u00f6ncelikle detayl\u0131 muayene gerekmektedir<\/h2><\/div><div class=\"fusion-text fusion-text-5\" style=\"--awb-text-transform:none;\"><p>Detayl\u0131 te\u015fhis metodlar\u0131n\u0131 kullanarak ,akut veya kronik \u00e7ene eklemi a\u011fr\u0131lar\u0131nda kaslarda gerginlik ve \u00e7ene ekleminde \u00e7atlak olup olmad\u0131\u011f\u0131n\u0131 tespit edebiliriz . Kilinigimizde fonksiyon te\u015fhisinden yola \u00e7\u0131karak \u00e7eneye y\u00f6nelik a\u015f\u0131r\u0131 bir y\u00fck binimi varm\u0131 veya hareketlerinde bir k\u0131s\u0131tlama varm\u0131 bunu tespit edebiliriz b\u00f6ylece problemin nereden kaynakland\u0131\u011f\u0131 ve tedavisi konusunda daha kesin bir sonuca varabiliriz.<\/p>\n<\/div><\/div><\/div><div class=\"fusion-layout-column fusion_builder_column fusion-builder-column-6 fusion_builder_column_1_4 1_4 fusion-flex-column\" style=\"--awb-bg-size:cover;--awb-width-large:25%;--awb-margin-top-large:0px;--awb-spacing-right-large:7.68%;--awb-margin-bottom-large:20px;--awb-spacing-left-large:7.68%;--awb-width-medium:25%;--awb-order-medium:0;--awb-spacing-right-medium:7.68%;--awb-spacing-left-medium:7.68%;--awb-width-small:100%;--awb-order-small:0;--awb-spacing-right-small:1.92%;--awb-spacing-left-small:1.92%;\"><div class=\"fusion-column-wrapper fusion-column-has-shadow fusion-flex-justify-content-flex-start fusion-content-layout-column\"><div class=\"fusion-image-element\" style=\"--awb-caption-title-font-family:var(--h2_typography-font-family);--awb-caption-title-font-weight:var(--h2_typography-font-weight);--awb-caption-title-font-style:var(--h2_typography-font-style);--awb-caption-title-size:var(--h2_typography-font-size);--awb-caption-title-transform:var(--h2_typography-text-transform);--awb-caption-title-line-height:var(--h2_typography-line-height);--awb-caption-title-letter-spacing:var(--h2_typography-letter-spacing);\"><span class=\" fusion-imageframe imageframe-none imageframe-2 hover-type-none\" style=\"border-radius:20px;\"><img decoding=\"async\" width=\"1334\" height=\"2000\" title=\"Kiefergelenkbehandlung-Erklaerung\" src=\"https:\/\/meinlachen.de\/wp-content\/uploads\/2021\/12\/Kiefergelenkbehandlung-Erklaerung.jpg\" alt class=\"img-responsive wp-image-1416\" srcset=\"https:\/\/meinlachen.de\/wp-content\/uploads\/2021\/12\/Kiefergelenkbehandlung-Erklaerung-200x300.jpg 200w, https:\/\/meinlachen.de\/wp-content\/uploads\/2021\/12\/Kiefergelenkbehandlung-Erklaerung-400x600.jpg 400w, https:\/\/meinlachen.de\/wp-content\/uploads\/2021\/12\/Kiefergelenkbehandlung-Erklaerung-600x900.jpg 600w, https:\/\/meinlachen.de\/wp-content\/uploads\/2021\/12\/Kiefergelenkbehandlung-Erklaerung-800x1199.jpg 800w, https:\/\/meinlachen.de\/wp-content\/uploads\/2021\/12\/Kiefergelenkbehandlung-Erklaerung-1200x1799.jpg 1200w, https:\/\/meinlachen.de\/wp-content\/uploads\/2021\/12\/Kiefergelenkbehandlung-Erklaerung.jpg 1334w\" sizes=\"(max-width: 640px) 100vw, 400px\" \/><\/span><\/div><\/div><\/div><\/div><\/div><div class=\"fusion-fullwidth fullwidth-box fusion-builder-row-5 fusion-flex-container nonhundred-percent-fullwidth non-hundred-percent-height-scrolling\" style=\"--awb-border-radius-top-left:0px;--awb-border-radius-top-right:0px;--awb-border-radius-bottom-right:0px;--awb-border-radius-bottom-left:0px;--awb-padding-right:10%;--awb-padding-left:10%;--awb-padding-right-medium:30px;--awb-padding-left-medium:30px;--awb-flex-wrap:wrap;\" ><div class=\"fusion-builder-row fusion-row fusion-flex-align-items-flex-start fusion-flex-content-wrap\" style=\"max-width:1185.6px;margin-left: calc(-4% \/ 2 );margin-right: calc(-4% \/ 2 );\"><div class=\"fusion-layout-column fusion_builder_column fusion-builder-column-7 fusion_builder_column_1_1 1_1 fusion-flex-column\" style=\"--awb-padding-right:30px;--awb-padding-left:30px;--awb-padding-right-medium:0px;--awb-padding-left-medium:0px;--awb-overflow:hidden;--awb-bg-color:#ffffff;--awb-bg-color-hover:#ffffff;--awb-bg-size:cover;--awb-border-radius:40px 40px 0px 0px;--awb-width-large:100%;--awb-margin-top-large:-40px;--awb-spacing-right-large:1.92%;--awb-margin-bottom-large:20px;--awb-spacing-left-large:1.92%;--awb-width-medium:100%;--awb-order-medium:0;--awb-margin-top-medium:0;--awb-spacing-right-medium:1.92%;--awb-spacing-left-medium:1.92%;--awb-width-small:100%;--awb-order-small:0;--awb-spacing-right-small:1.92%;--awb-spacing-left-small:1.92%;\"><div class=\"fusion-column-wrapper fusion-column-has-shadow fusion-flex-justify-content-flex-start fusion-content-layout-column\"><div class=\"fusion-title title fusion-title-6 fusion-sep-none fusion-title-text fusion-title-size-two\" style=\"--awb-margin-top-small:20px;--awb-margin-right-small:0px;--awb-margin-bottom-small:20px;--awb-margin-left-small:0px;\"><h2 class=\"fusion-title-heading title-heading-left fusion-responsive-typography-calculated\" style=\"margin:0;--fontSize:32;line-height:var(--awb-typography1-line-height);\">\u00c7ene eklemi tedavisi: Ki\u015fiye \u00f6zel tedavi<\/h2><\/div><div class=\"fusion-text fusion-text-6\" style=\"--awb-text-transform:none;\"><p>CMD \u015f\u00fcphesi oldu\u011funda ortodontiste gitmek uygundur.Elde edilen belirtilere g\u00f6re di\u011fer doktorlar ve fizik tedavi uzmanlar\u0131 ile kombine \u00e7al\u0131\u015f\u0131labilir.<\/p>\n<p>A\u011fr\u0131y\u0131 gidermek i\u00e7in, ki\u015fiye \u00f6zel haz\u0131rlanan aparatlar, fizyoterapi, osteopatik tedavi ve iltihab \u00f6nleyici, a\u011fr\u0131 dindirici ila\u00e7lar la kombine bir tedavi uygulayabiliriz. Agri yanl\u0131\u015f konumlanm\u0131\u015f bir di\u015ften kaynaklan\u0131yorsa, ortodontist veya di\u015f doktoru taraf\u0131ndan yap\u0131lan ortodontik aparatlar sayesinde a\u011fr\u0131 giderilebilir.<\/p>\n<p>Fonksiyon bozuklu\u011fu ve \u00e7ene eklemi a\u011fr\u0131lar\u0131na ba\u011fl\u0131 CMD-tedavisinde, a\u011fr\u0131n\u0131n sebebini bulabilmek i\u00e7in ki\u015finin genel sa\u011fl\u0131k durumunu da g\u00f6z \u00f6n\u00fcnde bulundurmak gerekir. B\u00f6ylece probleme yaln\u0131zca \u00e7ene eklemi boyutundan de\u011fil etrafl\u0131ca bak\u0131larak \u00e7\u00f6z\u00fcme ula\u015f\u0131l\u0131r.<\/p>\n<\/div><div class=\"fusion-title title fusion-title-7 fusion-sep-none fusion-title-text fusion-title-size-two\" style=\"--awb-margin-top-small:20px;--awb-margin-right-small:0px;--awb-margin-bottom-small:20px;--awb-margin-left-small:0px;\"><h2 class=\"fusion-title-heading title-heading-left fusion-responsive-typography-calculated\" style=\"margin:0;--fontSize:32;line-height:var(--awb-typography1-line-height);\">Di\u015f g\u0131c\u0131rdatma ya kar\u015f\u0131 kullan\u0131lan di\u015f aparatlar\u0131 (gece koruyucusu)<\/h2><\/div><div class=\"fusion-text fusion-text-7\" style=\"--awb-text-transform:none;\"><p>Di\u015f g\u0131c\u0131rdatma (bruksizm), \u00e7ene ekleminde, \u00e7i\u011fneme kaslar\u0131nda,basboyun b\u00f6lgesinde a\u011fr\u0131lara ve di\u015f a\u011frilarina neden\u00a0 olabilir. \u00c7ocukluk \u00e7a\u011f\u0131nda veya ergenlikte g\u00f6r\u00fclen di\u015f g\u0131c\u0131rdatmalarinin ana sebepleri yanl\u0131\u015f konumlanm\u0131\u015f di\u015fler ve stres kaynakl\u0131 olabilir. \u00d6zellikle geceleri di\u015f sert dokular\u0131n\u0131 korumak ama\u00e7l\u0131 renksiz, plastik d\u0131\u015f aparatlar\u0131 kullanmak bir \u00e7\u00f6z\u00fcm olabilir.<\/p>\n<p>Bu tarz aparatlar okluzyon aparatlar\u0131, CMD aparatlar\u0131 olarak da adland\u0131r\u0131l\u0131r.<\/p>\n<\/div><div class=\"fusion-title title fusion-title-8 fusion-sep-none fusion-title-text fusion-title-size-two\" style=\"--awb-margin-top-small:20px;--awb-margin-right-small:0px;--awb-margin-bottom-small:20px;--awb-margin-left-small:0px;\"><h2 class=\"fusion-title-heading title-heading-left fusion-responsive-typography-calculated\" style=\"margin:0;--fontSize:32;line-height:var(--awb-typography1-line-height);\">Te\u015fhis i\u00e7in \u00f6denen \u00fccret<\/h2><\/div><div class=\"fusion-text fusion-text-8\" style=\"--awb-text-transform:none;\"><p>Yaln\u0131zca \u00f6zel hastal\u0131k sigortalar\u0131,kullan\u0131lan tarifeye g\u00f6re bu \u00fccreti \u00fcstlenmektedir. Normal hastal\u0131k sigortalar\u0131 bu tarifeyi \u00fcstlenmemektedir. \u00d6zel sigortas\u0131 olmayan ki\u015filerin bu \u00fccreti kendilerinin \u00f6demesi gerekmektedir.<\/p>\n<\/div><\/div><\/div><\/div><\/div><div class=\"fusion-fullwidth fullwidth-box fusion-builder-row-6 fusion-flex-container nonhundred-percent-fullwidth non-hundred-percent-height-scrolling\" style=\"--awb-border-radius-top-left:0px;--awb-border-radius-top-right:0px;--awb-border-radius-bottom-right:0px;--awb-border-radius-bottom-left:0px;--awb-padding-right:10%;--awb-padding-left:10%;--awb-padding-right-medium:30px;--awb-padding-left-medium:30px;--awb-margin-bottom:50px;--awb-flex-wrap:wrap;\" ><div class=\"fusion-builder-row fusion-row fusion-flex-align-items-flex-start fusion-flex-content-wrap\" style=\"max-width:1185.6px;margin-left: calc(-4% \/ 2 );margin-right: calc(-4% \/ 2 );\"><div class=\"fusion-layout-column fusion_builder_column fusion-builder-column-8 fusion_builder_column_1_3 1_3 fusion-flex-column\" style=\"--awb-padding-left:30px;--awb-padding-left-medium:0px;--awb-bg-size:cover;--awb-width-large:33.333333333333%;--awb-margin-top-large:0px;--awb-spacing-right-large:5.76%;--awb-margin-bottom-large:20px;--awb-spacing-left-large:5.76%;--awb-width-medium:33.333333333333%;--awb-order-medium:0;--awb-spacing-right-medium:5.76%;--awb-spacing-left-medium:5.76%;--awb-width-small:100%;--awb-order-small:0;--awb-spacing-right-small:1.92%;--awb-spacing-left-small:1.92%;\"><div class=\"fusion-column-wrapper fusion-column-has-shadow fusion-flex-justify-content-flex-start fusion-content-layout-column\"><div ><a class=\"fusion-button button-flat fusion-button-default-size button-default fusion-button-default button-1 fusion-button-span-yes fusion-button-default-type button-gradient\" target=\"_self\" href=\"https:\/\/meinlachen.de\/tr\/tedavi\/buetuensel-ortodonti\/\"><span class=\"fusion-button-text awb-button__text awb-button__text--default\">B\u00dcT\u00dcNSEL ORTODONT\u0130<\/span><\/a><\/div><\/div><\/div><div class=\"fusion-layout-column fusion_builder_column fusion-builder-column-9 fusion_builder_column_1_3 1_3 fusion-flex-column\" style=\"--awb-bg-size:cover;--awb-width-large:33.333333333333%;--awb-margin-top-large:0px;--awb-spacing-right-large:5.76%;--awb-margin-bottom-large:20px;--awb-spacing-left-large:5.76%;--awb-width-medium:33.333333333333%;--awb-order-medium:0;--awb-spacing-right-medium:5.76%;--awb-spacing-left-medium:5.76%;--awb-width-small:100%;--awb-order-small:0;--awb-spacing-right-small:1.92%;--awb-spacing-left-small:1.92%;\"><div class=\"fusion-column-wrapper fusion-column-has-shadow fusion-flex-justify-content-flex-start fusion-content-layout-column\"><div ><a class=\"fusion-button button-flat fusion-button-default-size button-default fusion-button-default button-2 fusion-button-span-yes fusion-button-default-type button-gradient\" target=\"_self\" href=\"https:\/\/meinlachen.de\/tr\/tedavi\/horlama-tedavisi\/\"><span class=\"fusion-button-text awb-button__text awb-button__text--default\">HORLAMA TEDAV\u0130S\u0130<\/span><\/a><\/div><\/div><\/div><div class=\"fusion-layout-column fusion_builder_column fusion-builder-column-10 fusion_builder_column_1_3 1_3 fusion-flex-column\" style=\"--awb-padding-right:30px;--awb-padding-right-medium:0px;--awb-bg-size:cover;--awb-width-large:33.333333333333%;--awb-margin-top-large:0px;--awb-spacing-right-large:5.76%;--awb-margin-bottom-large:20px;--awb-spacing-left-large:5.76%;--awb-width-medium:33.333333333333%;--awb-order-medium:0;--awb-spacing-right-medium:5.76%;--awb-spacing-left-medium:5.76%;--awb-width-small:100%;--awb-order-small:0;--awb-spacing-right-small:1.92%;--awb-spacing-left-small:1.92%;\"><div class=\"fusion-column-wrapper fusion-column-has-shadow fusion-flex-justify-content-flex-start fusion-content-layout-column\"><div ><a class=\"fusion-button button-flat fusion-button-default-size button-default fusion-button-default button-3 fusion-button-span-yes fusion-button-default-type button-gradient\" target=\"_self\" href=\"https:\/\/meinlachen.de\/tr\/tedavi\/eriskinlerde-ortodontik-tedavi-yoentemleri\/\"><span class=\"fusion-button-text awb-button__text awb-button__text--default\">ER\u0130\u015eK\u0130NLERDE ORTODONT\u0130K TEDAV\u0130 Y\u00d6NTEMLER\u0130<\/span><\/a><\/div><\/div><\/div><\/div><\/div><div class=\"fusion-fullwidth fullwidth-box fusion-builder-row-7 fusion-flex-container nonhundred-percent-fullwidth non-hundred-percent-height-scrolling fusion-no-small-visibility fusion-no-medium-visibility\" style=\"--awb-border-radius-top-left:0px;--awb-border-radius-top-right:0px;--awb-border-radius-bottom-right:0px;--awb-border-radius-bottom-left:0px;--awb-padding-top:5%;--awb-padding-bottom:5%;--awb-background-image:linear-gradient(145deg, #ff9600 20%,#b13a88 75%);--awb-flex-wrap:wrap;\" ><div class=\"fusion-builder-row fusion-row fusion-flex-align-items-flex-start fusion-flex-content-wrap\" style=\"max-width:1185.6px;margin-left: calc(-4% \/ 2 );margin-right: calc(-4% \/ 2 );\"><div class=\"fusion-layout-column fusion_builder_column fusion-builder-column-11 fusion_builder_column_1_4 1_4 fusion-flex-column\" style=\"--awb-padding-left-medium:30px;--awb-padding-right-small:30px;--awb-padding-left-small:30px;--awb-bg-size:cover;--awb-width-large:25%;--awb-margin-top-large:0px;--awb-spacing-right-large:7.68%;--awb-margin-bottom-large:20px;--awb-spacing-left-large:7.68%;--awb-width-medium:25%;--awb-order-medium:0;--awb-spacing-right-medium:7.68%;--awb-spacing-left-medium:7.68%;--awb-width-small:100%;--awb-order-small:0;--awb-spacing-right-small:1.92%;--awb-spacing-left-small:1.92%;\"><div class=\"fusion-column-wrapper fusion-column-has-shadow fusion-flex-justify-content-flex-start fusion-content-layout-column\"><div class=\"fusion-image-element sm-text-align-center\" style=\"--awb-max-width:200px;--awb-caption-title-font-family:var(--h2_typography-font-family);--awb-caption-title-font-weight:var(--h2_typography-font-weight);--awb-caption-title-font-style:var(--h2_typography-font-style);--awb-caption-title-size:var(--h2_typography-font-size);--awb-caption-title-transform:var(--h2_typography-text-transform);--awb-caption-title-line-height:var(--h2_typography-line-height);--awb-caption-title-letter-spacing:var(--h2_typography-letter-spacing);\"><span class=\" fusion-imageframe imageframe-none imageframe-3 hover-type-none\" style=\"border-radius:20px;\"><img decoding=\"async\" width=\"158\" height=\"181\" title=\"icon-calender\" src=\"https:\/\/meinlachen.de\/wp-content\/uploads\/2022\/01\/icon-calender.svg\" alt class=\"img-responsive wp-image-2802\"\/><\/span><\/div><\/div><\/div><div class=\"fusion-layout-column fusion_builder_column fusion-builder-column-12 fusion_builder_column_3_4 3_4 fusion-flex-column\" style=\"--awb-padding-right-medium:30px;--awb-padding-right-small:30px;--awb-padding-left-small:30px;--awb-bg-size:cover;--awb-width-large:75%;--awb-margin-top-large:0px;--awb-spacing-right-large:2.56%;--awb-margin-bottom-large:20px;--awb-spacing-left-large:2.56%;--awb-width-medium:75%;--awb-order-medium:0;--awb-spacing-right-medium:2.56%;--awb-spacing-left-medium:2.56%;--awb-width-small:100%;--awb-order-small:0;--awb-spacing-right-small:1.92%;--awb-spacing-left-small:1.92%;\"><div class=\"fusion-column-wrapper fusion-column-has-shadow fusion-flex-justify-content-flex-start fusion-content-layout-column\"><div class=\"fusion-title title fusion-title-9 fusion-sep-none fusion-title-text fusion-title-size-two white\" style=\"--awb-text-color:var(--awb-color1);--awb-margin-top:0px;--awb-margin-top-small:20px;--awb-margin-right-small:0px;--awb-margin-bottom-small:20px;--awb-margin-left-small:0px;--awb-font-size:48px;\"><h2 class=\"fusion-title-heading title-heading-left sm-text-align-center fusion-responsive-typography-calculated\" style=\"font-family:&quot;Roboto&quot;;font-style:normal;font-weight:300;margin:0;letter-spacing:var(--awb-typography1-letter-spacing);text-transform:uppercase;font-size:1em;--fontSize:48;line-height:var(--awb-typography1-line-height);\">Randevu almak \u2013 \u00e7ok kolay<\/h2><\/div><div class=\"fusion-text fusion-text-9 sm-text-align-center\" style=\"--awb-font-size:22px;--awb-line-height:1.1;--awb-text-transform:none;--awb-text-color:#ffffff;--awb-text-font-family:&quot;Roboto&quot;;--awb-text-font-style:normal;--awb-text-font-weight:300;\"><p style=\"color: #ffffff !important;\">Di\u015f randevunuzu istedi\u011finiz klini\u011fimizden online veya telefondan kolayl\u0131kla alabilirsiniz<\/p>\n<\/div><div style=\"text-align:center;\"><a class=\"fusion-button button-flat fusion-button-default-size button-custom fusion-button-default button-4 fusion-button-span-yes fusion-button-default-type cta-gradient\" style=\"--button_accent_color:#b13a88;--button_accent_hover_color:#b13a88;--button_border_hover_color:#b13a88;--button_gradient_angle:180deg;--button_gradient_top_color:#ffffff;--button_gradient_bottom_color:#ffffff;--button_gradient_top_color_hover:#ffffff;--button_gradient_bottom_color_hover:#ffffff;\" target=\"_blank\" rel=\"noopener noreferrer\" href=\"https:\/\/ldweb-l1100099.ptcloud.de\/?app=terminonline\"><span class=\"fusion-button-text awb-button__text awb-button__text--default\">Randevu alma<\/span><\/a><\/div><div class=\"fusion-separator fusion-full-width-sep\" style=\"align-self: center;margin-left: auto;margin-right: auto;margin-top:25px;width:100%;\"><\/div><div class=\"fusion-builder-row fusion-builder-row-inner fusion-row fusion-flex-align-items-flex-start fusion-flex-content-wrap\" style=\"--awb-flex-grow:0;--awb-flex-grow-medium:0;--awb-flex-grow-small:0;--awb-flex-shrink:0;--awb-flex-shrink-medium:0;--awb-flex-shrink-small:0;width:104% !important;max-width:104% !important;margin-left: calc(-4% \/ 2 );margin-right: calc(-4% \/ 2 );\"><div class=\"fusion-layout-column fusion_builder_column_inner fusion-builder-nested-column-0 fusion_builder_column_inner_1_2 1_2 fusion-flex-column\" style=\"--awb-bg-size:cover;--awb-width-large:50%;--awb-margin-top-large:0px;--awb-spacing-right-large:3.84%;--awb-margin-bottom-large:20px;--awb-spacing-left-large:3.84%;--awb-width-medium:50%;--awb-order-medium:0;--awb-spacing-right-medium:3.84%;--awb-spacing-left-medium:3.84%;--awb-width-small:100%;--awb-order-small:0;--awb-spacing-right-small:1.92%;--awb-spacing-left-small:1.92%;\"><div class=\"fusion-column-wrapper fusion-column-has-shadow fusion-flex-justify-content-flex-start fusion-content-layout-column\"><div ><a class=\"fusion-button button-flat fusion-button-default-size button-custom fusion-button-default button-5 fusion-button-span-yes fusion-button-default-type button-icon\" style=\"--button_accent_color:#ffffff;--button_border_color:#ffffff;--button_accent_hover_color:#ffffff;--button_border_hover_color:#ffffff;--button_gradient_angle:180deg;--button_gradient_top_color:rgba(255,255,255,0);--button_gradient_bottom_color:rgba(255,255,255,0);--button_gradient_top_color_hover:rgba(255,255,255,0);--button_gradient_bottom_color_hover:rgba(255,255,255,0);\" target=\"_self\" href=\"tel:+4923415020\"><span class=\"fusion-button-text awb-button__text awb-button__text--default\">Bochum klini\u011fi ara<\/span><\/a><\/div><\/div><\/div><div class=\"fusion-layout-column fusion_builder_column_inner fusion-builder-nested-column-1 fusion_builder_column_inner_1_2 1_2 fusion-flex-column\" style=\"--awb-bg-size:cover;--awb-width-large:50%;--awb-margin-top-large:0px;--awb-spacing-right-large:3.84%;--awb-margin-bottom-large:20px;--awb-spacing-left-large:3.84%;--awb-width-medium:50%;--awb-order-medium:0;--awb-spacing-right-medium:3.84%;--awb-spacing-left-medium:3.84%;--awb-width-small:100%;--awb-order-small:0;--awb-spacing-right-small:1.92%;--awb-spacing-left-small:1.92%;\"><div class=\"fusion-column-wrapper fusion-column-has-shadow fusion-flex-justify-content-flex-start fusion-content-layout-column\"><div ><a class=\"fusion-button button-flat fusion-button-default-size button-custom fusion-button-default button-6 fusion-button-span-yes fusion-button-default-type button-icon\" style=\"--button_accent_color:#ffffff;--button_border_color:#ffffff;--button_accent_hover_color:#ffffff;--button_border_hover_color:#ffffff;--button_gradient_angle:180deg;--button_gradient_top_color:rgba(255,255,255,0);--button_gradient_bottom_color:rgba(255,255,255,0);--button_gradient_top_color_hover:rgba(255,255,255,0);--button_gradient_bottom_color_hover:rgba(255,255,255,0);\" target=\"_self\" href=\"tel:+492327991870\"><span class=\"fusion-button-text awb-button__text awb-button__text--default\">Wattenscheid klini\u011fi ara<\/span><\/a><\/div><\/div><\/div><\/div><\/div><\/div><\/div><\/div>\n<\/p>\n","protected":false},"excerpt":{"rendered":"","protected":false},"author":4,"featured_media":0,"parent":3572,"menu_order":0,"comment_status":"closed","ping_status":"closed","template":"100-width.php","meta":{"_acf_changed":false,"footnotes":""},"class_list":["post-4140","page","type-page","status-publish","hentry"],"acf":[],"yoast_head":"<!-- This site is optimized with the Yoast SEO plugin v27.7 - https:\/\/yoast.com\/product\/yoast-seo-wordpress\/ -->\n<title>\u00c7ene eklemi tedavisi | meinlachen.de<\/title>\n<meta name=\"description\" content=\"Kiefergelenkschmerzen sind nicht un\u00fcblich und h\u00e4ngen oft mit einer Craniomandibul\u00e4ren Dysfunktion (CMD) zusammen. Termin f\u00fcr Funktionsanalyse hier!\" \/>\n<meta name=\"robots\" content=\"index, follow, max-snippet:-1, max-image-preview:large, max-video-preview:-1\" \/>\n<link rel=\"canonical\" href=\"https:\/\/meinlachen.de\/tr\/tedavi\/cene-eklemi-tedavisi\/\" \/>\n<meta property=\"og:locale\" content=\"tr_TR\" \/>\n<meta property=\"og:type\" content=\"article\" \/>\n<meta property=\"og:title\" content=\"\u00c7ene eklemi tedavisi | meinlachen.de\" \/>\n<meta property=\"og:description\" content=\"Kiefergelenkschmerzen sind nicht un\u00fcblich und h\u00e4ngen oft mit einer Craniomandibul\u00e4ren Dysfunktion (CMD) zusammen. Termin f\u00fcr Funktionsanalyse hier!\" \/>\n<meta property=\"og:url\" content=\"https:\/\/meinlachen.de\/tr\/tedavi\/cene-eklemi-tedavisi\/\" \/>\n<meta property=\"og:site_name\" content=\"meinlachen.de\" \/>\n<meta property=\"article:modified_time\" content=\"2023-01-24T14:28:41+00:00\" \/>\n<meta property=\"og:image\" content=\"https:\/\/meinlachen.de\/wp-content\/uploads\/2022\/12\/meinlachen-teambild-header.jpg\" \/>\n\t<meta property=\"og:image:width\" content=\"2000\" \/>\n\t<meta property=\"og:image:height\" content=\"1334\" \/>\n\t<meta property=\"og:image:type\" content=\"image\/jpeg\" \/>\n<meta name=\"twitter:card\" content=\"summary_large_image\" \/>\n<meta name=\"twitter:label1\" content=\"Tahmini okuma s\u00fcresi\" \/>\n\t<meta name=\"twitter:data1\" content=\"25 dakika\" \/>\n<script type=\"application\/ld+json\" class=\"yoast-schema-graph\">{\"@context\":\"https:\\\/\\\/schema.org\",\"@graph\":[{\"@type\":\"WebPage\",\"@id\":\"https:\\\/\\\/meinlachen.de\\\/tr\\\/tedavi\\\/cene-eklemi-tedavisi\\\/\",\"url\":\"https:\\\/\\\/meinlachen.de\\\/tr\\\/tedavi\\\/cene-eklemi-tedavisi\\\/\",\"name\":\"\u00c7ene eklemi tedavisi | meinlachen.de\",\"isPartOf\":{\"@id\":\"https:\\\/\\\/meinlachen.de\\\/tr\\\/#website\"},\"datePublished\":\"2021-11-30T13:31:36+00:00\",\"dateModified\":\"2023-01-24T14:28:41+00:00\",\"description\":\"Kiefergelenkschmerzen sind nicht un\u00fcblich und h\u00e4ngen oft mit einer Craniomandibul\u00e4ren Dysfunktion (CMD) zusammen. Termin f\u00fcr Funktionsanalyse hier!\",\"breadcrumb\":{\"@id\":\"https:\\\/\\\/meinlachen.de\\\/tr\\\/tedavi\\\/cene-eklemi-tedavisi\\\/#breadcrumb\"},\"inLanguage\":\"tr\",\"potentialAction\":[{\"@type\":\"ReadAction\",\"target\":[\"https:\\\/\\\/meinlachen.de\\\/tr\\\/tedavi\\\/cene-eklemi-tedavisi\\\/\"]}]},{\"@type\":\"BreadcrumbList\",\"@id\":\"https:\\\/\\\/meinlachen.de\\\/tr\\\/tedavi\\\/cene-eklemi-tedavisi\\\/#breadcrumb\",\"itemListElement\":[{\"@type\":\"ListItem\",\"position\":1,\"name\":\"Startseite\",\"item\":\"https:\\\/\\\/meinlachen.de\\\/tr\\\/\"},{\"@type\":\"ListItem\",\"position\":2,\"name\":\"Tedavi\",\"item\":\"https:\\\/\\\/meinlachen.de\\\/tr\\\/tedavi\\\/\"},{\"@type\":\"ListItem\",\"position\":3,\"name\":\"\u00c7ene eklemi tedavisi\"}]},{\"@type\":\"WebSite\",\"@id\":\"https:\\\/\\\/meinlachen.de\\\/tr\\\/#website\",\"url\":\"https:\\\/\\\/meinlachen.de\\\/tr\\\/\",\"name\":\"meinlachen.de\",\"description\":\"Just another WordPress site\",\"potentialAction\":[{\"@type\":\"SearchAction\",\"target\":{\"@type\":\"EntryPoint\",\"urlTemplate\":\"https:\\\/\\\/meinlachen.de\\\/tr\\\/?s={search_term_string}\"},\"query-input\":{\"@type\":\"PropertyValueSpecification\",\"valueRequired\":true,\"valueName\":\"search_term_string\"}}],\"inLanguage\":\"tr\"}]}<\/script>\n<!-- \/ Yoast SEO plugin. -->","yoast_head_json":{"title":"\u00c7ene eklemi tedavisi | meinlachen.de","description":"Kiefergelenkschmerzen sind nicht un\u00fcblich und h\u00e4ngen oft mit einer Craniomandibul\u00e4ren Dysfunktion (CMD) zusammen. Termin f\u00fcr Funktionsanalyse hier!","robots":{"index":"index","follow":"follow","max-snippet":"max-snippet:-1","max-image-preview":"max-image-preview:large","max-video-preview":"max-video-preview:-1"},"canonical":"https:\/\/meinlachen.de\/tr\/tedavi\/cene-eklemi-tedavisi\/","og_locale":"tr_TR","og_type":"article","og_title":"\u00c7ene eklemi tedavisi | meinlachen.de","og_description":"Kiefergelenkschmerzen sind nicht un\u00fcblich und h\u00e4ngen oft mit einer Craniomandibul\u00e4ren Dysfunktion (CMD) zusammen. Termin f\u00fcr Funktionsanalyse hier!","og_url":"https:\/\/meinlachen.de\/tr\/tedavi\/cene-eklemi-tedavisi\/","og_site_name":"meinlachen.de","article_modified_time":"2023-01-24T14:28:41+00:00","og_image":[{"width":2000,"height":1334,"url":"https:\/\/meinlachen.de\/wp-content\/uploads\/2022\/12\/meinlachen-teambild-header.jpg","type":"image\/jpeg"}],"twitter_card":"summary_large_image","twitter_misc":{"Tahmini okuma s\u00fcresi":"25 dakika"},"schema":{"@context":"https:\/\/schema.org","@graph":[{"@type":"WebPage","@id":"https:\/\/meinlachen.de\/tr\/tedavi\/cene-eklemi-tedavisi\/","url":"https:\/\/meinlachen.de\/tr\/tedavi\/cene-eklemi-tedavisi\/","name":"\u00c7ene eklemi tedavisi | meinlachen.de","isPartOf":{"@id":"https:\/\/meinlachen.de\/tr\/#website"},"datePublished":"2021-11-30T13:31:36+00:00","dateModified":"2023-01-24T14:28:41+00:00","description":"Kiefergelenkschmerzen sind nicht un\u00fcblich und h\u00e4ngen oft mit einer Craniomandibul\u00e4ren Dysfunktion (CMD) zusammen. Termin f\u00fcr Funktionsanalyse hier!","breadcrumb":{"@id":"https:\/\/meinlachen.de\/tr\/tedavi\/cene-eklemi-tedavisi\/#breadcrumb"},"inLanguage":"tr","potentialAction":[{"@type":"ReadAction","target":["https:\/\/meinlachen.de\/tr\/tedavi\/cene-eklemi-tedavisi\/"]}]},{"@type":"BreadcrumbList","@id":"https:\/\/meinlachen.de\/tr\/tedavi\/cene-eklemi-tedavisi\/#breadcrumb","itemListElement":[{"@type":"ListItem","position":1,"name":"Startseite","item":"https:\/\/meinlachen.de\/tr\/"},{"@type":"ListItem","position":2,"name":"Tedavi","item":"https:\/\/meinlachen.de\/tr\/tedavi\/"},{"@type":"ListItem","position":3,"name":"\u00c7ene eklemi tedavisi"}]},{"@type":"WebSite","@id":"https:\/\/meinlachen.de\/tr\/#website","url":"https:\/\/meinlachen.de\/tr\/","name":"meinlachen.de","description":"Just another WordPress site","potentialAction":[{"@type":"SearchAction","target":{"@type":"EntryPoint","urlTemplate":"https:\/\/meinlachen.de\/tr\/?s={search_term_string}"},"query-input":{"@type":"PropertyValueSpecification","valueRequired":true,"valueName":"search_term_string"}}],"inLanguage":"tr"}]}},"_links":{"self":[{"href":"https:\/\/meinlachen.de\/tr\/wp-json\/wp\/v2\/pages\/4140","targetHints":{"allow":["GET"]}}],"collection":[{"href":"https:\/\/meinlachen.de\/tr\/wp-json\/wp\/v2\/pages"}],"about":[{"href":"https:\/\/meinlachen.de\/tr\/wp-json\/wp\/v2\/types\/page"}],"author":[{"embeddable":true,"href":"https:\/\/meinlachen.de\/tr\/wp-json\/wp\/v2\/users\/4"}],"replies":[{"embeddable":true,"href":"https:\/\/meinlachen.de\/tr\/wp-json\/wp\/v2\/comments?post=4140"}],"version-history":[{"count":6,"href":"https:\/\/meinlachen.de\/tr\/wp-json\/wp\/v2\/pages\/4140\/revisions"}],"predecessor-version":[{"id":5528,"href":"https:\/\/meinlachen.de\/tr\/wp-json\/wp\/v2\/pages\/4140\/revisions\/5528"}],"up":[{"embeddable":true,"href":"https:\/\/meinlachen.de\/tr\/wp-json\/wp\/v2\/pages\/3572"}],"wp:attachment":[{"href":"https:\/\/meinlachen.de\/tr\/wp-json\/wp\/v2\/media?parent=4140"}],"curies":[{"name":"wp","href":"https:\/\/api.w.org\/{rel}","templated":true}]}}