{"id":4878,"date":"2022-04-01T13:40:16","date_gmt":"2022-04-01T13:40:16","guid":{"rendered":"https:\/\/meinlachen.de\/kombinierte-kfo-chirurgie\/"},"modified":"2023-01-24T14:24:25","modified_gmt":"2023-01-24T14:24:25","slug":"kombine-cene-ortopedisi-cerrahisi","status":"publish","type":"page","link":"https:\/\/meinlachen.de\/tr\/kombine-cene-ortopedisi-cerrahisi\/","title":{"rendered":"Kombine \u00e7ene ortopedisi cerrahisi"},"content":{"rendered":"<p><div class=\"fusion-fullwidth fullwidth-box fusion-builder-row-1 fusion-flex-container fusion-parallax-none hundred-percent-fullwidth non-hundred-percent-height-scrolling header-image\" style=\"--awb-border-radius-top-left:0px;--awb-border-radius-top-right:0px;--awb-border-radius-bottom-right:0px;--awb-border-radius-bottom-left:0px;--awb-padding-top:15%;--awb-padding-bottom:15%;--awb-margin-top:-60px;--awb-background-image:url(&quot;https:\/\/meinlachen.de\/wp-content\/uploads\/2022\/12\/kombinierte-kfo-chirurgie.jpg&quot;);--awb-background-size:cover;--awb-flex-wrap:wrap;\" ><div class=\"fusion-builder-row fusion-row fusion-flex-align-items-flex-start fusion-flex-content-wrap\" style=\"width:104% !important;max-width:104% !important;margin-left: calc(-4% \/ 2 );margin-right: calc(-4% \/ 2 );\"><div class=\"fusion-layout-column fusion_builder_column fusion-builder-column-0 fusion_builder_column_1_1 1_1 fusion-flex-column\" style=\"--awb-bg-size:cover;--awb-width-large:100%;--awb-margin-top-large:0px;--awb-spacing-right-large:1.92%;--awb-margin-bottom-large:20px;--awb-spacing-left-large:1.92%;--awb-width-medium:100%;--awb-order-medium:0;--awb-spacing-right-medium:1.92%;--awb-spacing-left-medium:1.92%;--awb-width-small:100%;--awb-order-small:0;--awb-spacing-right-small:1.92%;--awb-spacing-left-small:1.92%;\"><div class=\"fusion-column-wrapper fusion-column-has-shadow fusion-flex-justify-content-flex-start fusion-content-layout-column\"><div class=\"fusion-separator fusion-full-width-sep\" style=\"align-self: center;margin-left: auto;margin-right: auto;width:100%;\"><\/div><\/div><\/div><\/div><\/div><div class=\"fusion-fullwidth fullwidth-box fusion-builder-row-2 fusion-flex-container nonhundred-percent-fullwidth non-hundred-percent-height-scrolling headline-container\" style=\"--awb-border-radius-top-left:0px;--awb-border-radius-top-right:0px;--awb-border-radius-bottom-right:0px;--awb-border-radius-bottom-left:0px;--awb-padding-right:10%;--awb-padding-left:10%;--awb-margin-top:-145px;--awb-margin-top-medium:-90px;--awb-margin-top-small:-30px;--awb-flex-wrap:wrap;\" ><div class=\"fusion-builder-row fusion-row fusion-flex-align-items-stretch fusion-flex-content-wrap\" style=\"max-width:calc( 1140px + 0px );margin-left: calc(-0px \/ 2 );margin-right: calc(-0px \/ 2 );\"><div class=\"fusion-layout-column fusion_builder_column fusion-builder-column-1 fusion-flex-column headline-container-text\" style=\"--awb-padding-right:30px;--awb-padding-left:30px;--awb-overflow:hidden;--awb-bg-color:#ffffff;--awb-bg-color-hover:#ffffff;--awb-bg-size:cover;--awb-border-radius:40px 0px 0px 0px;--awb-width-large:76%;--awb-margin-top-large:0px;--awb-spacing-right-large:0px;--awb-margin-bottom-large:20px;--awb-spacing-left-large:0px;--awb-width-medium:76%;--awb-order-medium:0;--awb-spacing-right-medium:0px;--awb-spacing-left-medium:0px;--awb-width-small:100%;--awb-order-small:0;--awb-spacing-right-small:0px;--awb-spacing-left-small:0px;\"><div class=\"fusion-column-wrapper fusion-column-has-shadow fusion-flex-justify-content-flex-start fusion-content-layout-column\"><div class=\"fusion-title title fusion-title-1 fusion-sep-none fusion-title-text fusion-title-size-one\" style=\"--awb-margin-top-small:20px;--awb-margin-right-small:0px;--awb-margin-bottom-small:20px;--awb-margin-left-small:0px;\"><h1 class=\"fusion-title-heading title-heading-left sm-text-align-center fusion-responsive-typography-calculated\" style=\"margin:0;--fontSize:56;line-height:var(--awb-typography1-line-height);\">Kombine \u00e7ene ortopedisi cerrahisi<\/h1><\/div><\/div><\/div><div class=\"fusion-layout-column fusion_builder_column fusion-builder-column-2 fusion-flex-column fusion-no-small-visibility\" style=\"--awb-bg-color:var(--awb-color1);--awb-bg-color-hover:var(--awb-color1);--awb-bg-size:cover;--awb-width-large:12%;--awb-margin-top-large:0px;--awb-spacing-right-large:0px;--awb-margin-bottom-large:20px;--awb-spacing-left-large:0px;--awb-width-medium:12%;--awb-order-medium:0;--awb-spacing-right-medium:0px;--awb-spacing-left-medium:0px;--awb-width-small:100%;--awb-order-small:0;--awb-spacing-right-small:0px;--awb-spacing-left-small:0px;\"><div class=\"fusion-column-wrapper fusion-column-has-shadow fusion-flex-justify-content-flex-start fusion-content-layout-column\"><script src=\"https:\/\/cdn1.jameda-elements.de\/widgets\/siegel\/70684985000_2\/97932\/\" type=\"text\/javascript\" async><\/script><div id=\"jameda-widget-container97932\" style=\"position:relative; width:97px; height:145px; margin:0px 25px; background-image:url(https:\/\/cdn1.jameda-elements.de\/premium\/widgets\/_images\/bw-small-bg.png); background-repeat:no-repeat; font-family:Arial, Helvetica, sans-serif; font-size:12px; line-height:15px;\"><a href=\"http:\/\/www.jameda.de\/bochum\/gemeinschaftspraxen\/gruppe\/?utm_content=BWnote&utm_source=Kunden-Homepages&utm_medium=Badges&utm_term=70684985000&utm_campaign=Badges\" class=\"jam_link_check\" style=\"display:block; position:absolute; top:100px; left:10px; width:70px; height:20px; background-color:transparent !important;\" target=\"_blank\"><\/a><\/div>\n<\/div><\/div><div class=\"fusion-layout-column fusion_builder_column fusion-builder-column-3 fusion-flex-column fusion-no-small-visibility\" style=\"--awb-overflow:hidden;--awb-bg-color:var(--awb-color1);--awb-bg-color-hover:var(--awb-color1);--awb-bg-size:cover;--awb-border-radius:0px 40px 0px 0px;--awb-width-large:12%;--awb-margin-top-large:0px;--awb-spacing-right-large:0px;--awb-margin-bottom-large:20px;--awb-spacing-left-large:0px;--awb-width-medium:12%;--awb-order-medium:0;--awb-spacing-right-medium:0px;--awb-spacing-left-medium:0px;--awb-width-small:100%;--awb-order-small:0;--awb-spacing-right-small:0px;--awb-spacing-left-small:0px;\"><div class=\"fusion-column-wrapper fusion-column-has-shadow fusion-flex-justify-content-flex-start fusion-content-layout-column\"><div class=\"fusion-image-element\" style=\"--awb-max-width:95px;--awb-caption-title-font-family:var(--h2_typography-font-family);--awb-caption-title-font-weight:var(--h2_typography-font-weight);--awb-caption-title-font-style:var(--h2_typography-font-style);--awb-caption-title-size:var(--h2_typography-font-size);--awb-caption-title-transform:var(--h2_typography-text-transform);--awb-caption-title-line-height:var(--h2_typography-line-height);--awb-caption-title-letter-spacing:var(--h2_typography-letter-spacing);\"><span class=\" fusion-imageframe imageframe-none imageframe-1 hover-type-none\"><img decoding=\"async\" width=\"79\" height=\"160\" title=\"_2026_dr-bernd-genderski_kieferorthop\u00e4de_bochum_focus-gesund_small-medium\" src=\"https:\/\/meinlachen.de\/wp-content\/uploads\/2022\/02\/2026_dr-bernd-genderski_kieferorthopaede_bochum_focus-gesund_small-medium.png\" alt class=\"img-responsive wp-image-6125\"\/><\/span><\/div>\n<\/div><\/div><\/div><\/div><div class=\"fusion-fullwidth fullwidth-box fusion-builder-row-3 fusion-flex-container nonhundred-percent-fullwidth non-hundred-percent-height-scrolling\" style=\"--awb-border-radius-top-left:0px;--awb-border-radius-top-right:0px;--awb-border-radius-bottom-right:0px;--awb-border-radius-bottom-left:0px;--awb-padding-right:10%;--awb-padding-left:10%;--awb-padding-right-medium:30px;--awb-padding-left-medium:30px;--awb-flex-wrap:wrap;\" ><div class=\"fusion-builder-row fusion-row fusion-flex-align-items-flex-start fusion-flex-content-wrap\" style=\"max-width:1185.6px;margin-left: calc(-4% \/ 2 );margin-right: calc(-4% \/ 2 );\"><div class=\"fusion-layout-column fusion_builder_column fusion-builder-column-4 fusion_builder_column_1_1 1_1 fusion-flex-column\" style=\"--awb-padding-right:30px;--awb-padding-left:30px;--awb-padding-right-medium:0px;--awb-padding-left-medium:0px;--awb-bg-color:#ffffff;--awb-bg-color-hover:#ffffff;--awb-bg-size:cover;--awb-width-large:100%;--awb-margin-top-large:-40px;--awb-spacing-right-large:1.92%;--awb-margin-bottom-large:20px;--awb-spacing-left-large:1.92%;--awb-width-medium:100%;--awb-order-medium:0;--awb-margin-top-medium:0;--awb-spacing-right-medium:1.92%;--awb-spacing-left-medium:1.92%;--awb-width-small:100%;--awb-order-small:0;--awb-spacing-right-small:1.92%;--awb-spacing-left-small:1.92%;\"><div class=\"fusion-column-wrapper fusion-column-has-shadow fusion-flex-justify-content-flex-start fusion-content-layout-column\"><nav class=\"fusion-breadcrumbs awb-yoast-breadcrumbs fusion-breadcrumbs-1\" style=\"--awb-margin-bottom:40px;--awb-alignment:left;--awb-text-hover-color:#ff9600;--awb-breadcrumb-sep:&#039;&gt;&#039;;text-align:left;\" aria-label=\"Breadcrumb\"><span><span><a href=\"https:\/\/meinlachen.de\/tr\/\">Startseite<\/a><\/span><\/span><\/nav><\/div><\/div><div class=\"fusion-layout-column fusion_builder_column fusion-builder-column-5 fusion_builder_column_1_1 1_1 fusion-flex-column\" style=\"--awb-padding-right:30px;--awb-padding-left:30px;--awb-padding-right-medium:0px;--awb-padding-left-medium:0px;--awb-bg-size:cover;--awb-width-large:100%;--awb-margin-top-large:0px;--awb-spacing-right-large:1.92%;--awb-margin-bottom-large:20px;--awb-spacing-left-large:1.92%;--awb-width-medium:100%;--awb-order-medium:0;--awb-spacing-right-medium:1.92%;--awb-spacing-left-medium:1.92%;--awb-width-small:100%;--awb-order-small:0;--awb-spacing-right-small:0%;--awb-spacing-left-small:0%;\"><div class=\"fusion-column-wrapper fusion-column-has-shadow fusion-flex-justify-content-flex-start fusion-content-layout-column\"><div class=\"fusion-text fusion-text-1\" style=\"--awb-text-transform:none;\"><p>\u00c7enenin hatal\u0131 konumlar\u0131 \u00e7ocuklar ve ergenlerde s\u00f6k\u00fclebilen ve i\u015flevsel \u00e7ene ortopedisi aparatlar\u0131 ile d\u00fczeltilir. Bu aparatlar\u0131n g\u00f6revi mevcut b\u00fcy\u00fcmeyi istenen y\u00f6ne do\u011fru sevk etmektir. Ancak b\u00fcy\u00fcme a\u015famas\u0131 sona erdi\u011fi takdirde, \u00e7enenin hatal\u0131 konumlar\u0131 ancak cerrahi \u00f6nlemlerle, yani disgnati ameliyatlar\u0131 ile d\u00fczeltilebilir.<\/p>\n<\/div><div class=\"fusion-title title fusion-title-2 fusion-sep-none fusion-title-text fusion-title-size-two\" style=\"--awb-margin-top-small:20px;--awb-margin-right-small:0px;--awb-margin-bottom-small:20px;--awb-margin-left-small:0px;\"><h2 class=\"fusion-title-heading title-heading-left fusion-responsive-typography-calculated\" style=\"margin:0;--fontSize:32;line-height:var(--awb-typography1-line-height);\">\u00c7ene ortopedisti ile cerrah aras\u0131nda yak\u0131n i\u015fbirli\u011fi<\/h2><\/div><\/div><\/div><div class=\"fusion-layout-column fusion_builder_column fusion-builder-column-6 fusion_builder_column_2_3 2_3 fusion-flex-column\" style=\"--awb-padding-right:0px;--awb-padding-left:30px;--awb-padding-right-medium:0px;--awb-padding-left-medium:0px;--awb-padding-right-small:0px;--awb-padding-left-small:0px;--awb-bg-size:cover;--awb-width-large:66.666666666667%;--awb-margin-top-large:0px;--awb-spacing-right-large:2.88%;--awb-margin-bottom-large:20px;--awb-spacing-left-large:2.88%;--awb-width-medium:66.666666666667%;--awb-order-medium:0;--awb-spacing-right-medium:2.88%;--awb-spacing-left-medium:2.88%;--awb-width-small:100%;--awb-order-small:0;--awb-spacing-right-small:1.92%;--awb-spacing-left-small:1.92%;\"><div class=\"fusion-column-wrapper fusion-column-has-shadow fusion-flex-justify-content-flex-start fusion-content-layout-column\"><div class=\"fusion-text fusion-text-2\" style=\"--awb-text-transform:none;\"><p>\u00c7enenin hatal\u0131 konumu \u00e7o\u011fu zaman di\u015flerin hatal\u0131 konumu ile birlikte seyretti\u011fi i\u00e7in ilave \u00e7ene ortopedisi \u00f6nlemlerinin al\u0131nmas\u0131 gerekir. \u00c7ene ortopedisi tedavisinin amac\u0131 di\u015f kavislerinin uyumlu \u015fekilde bi\u00e7imlenmesi ve b\u00f6ylece ameliyat sonras\u0131nda birbirlerine ideal bi\u00e7imde uyum sa\u011flamalar\u0131d\u0131r. Bu nedenle \u00e7ene ortopedisti ve cerrah\u0131n yak\u0131n ve g\u00fcvene dayal\u0131 i\u015fbirli\u011fi ger\u00e7ekle\u015ftirilen tedavinin ba\u015far\u0131s\u0131 a\u00e7\u0131s\u0131ndan temel \u00f6neme sahiptir. Bu nedenle Bochum\u2019 da bulunan muayenehanemizde ayda bir disgnati randevular\u0131 ger\u00e7ekle\u015ftirilir.<\/p>\n<p>036Bu randevular i\u00e7in Recklinghausen\u2019 da bulunan Knappschaft hastanesinden Prof. Dr. Dr. Eufinger muayenehanemize gelmektedir. Onunla birlikte hem \u00e7ene ortopedisi ve hem de cerrahi tedaviye bir arada ihtiya\u00e7 duyan hastalar\u0131 de\u011ferlendiririz. Bu a\u00e7\u0131dan hastalar\u0131m\u0131z\u0131n cerrahi dan\u0131\u015fmanl\u0131k i\u00e7in ayr\u0131ca bir hastaneye gitmelerine gerek almaz.<\/p>\n<\/div><\/div><\/div><div class=\"fusion-layout-column fusion_builder_column fusion-builder-column-7 fusion_builder_column_1_3 1_3 fusion-flex-column\" style=\"--awb-padding-right:0px;--awb-padding-left:30px;--awb-padding-right-medium:0px;--awb-padding-left-medium:0px;--awb-padding-right-small:0px;--awb-padding-left-small:0px;--awb-bg-size:cover;--awb-width-large:33.333333333333%;--awb-margin-top-large:0px;--awb-spacing-right-large:5.76%;--awb-margin-bottom-large:20px;--awb-spacing-left-large:5.76%;--awb-width-medium:33.333333333333%;--awb-order-medium:0;--awb-spacing-right-medium:5.76%;--awb-spacing-left-medium:5.76%;--awb-width-small:100%;--awb-order-small:0;--awb-spacing-right-small:1.92%;--awb-spacing-left-small:1.92%;\"><div class=\"fusion-column-wrapper fusion-column-has-shadow fusion-flex-justify-content-flex-start fusion-content-layout-column\"><div class=\"fusion-image-element\" style=\"--awb-caption-title-font-family:var(--h2_typography-font-family);--awb-caption-title-font-weight:var(--h2_typography-font-weight);--awb-caption-title-font-style:var(--h2_typography-font-style);--awb-caption-title-size:var(--h2_typography-font-size);--awb-caption-title-transform:var(--h2_typography-text-transform);--awb-caption-title-line-height:var(--h2_typography-line-height);--awb-caption-title-letter-spacing:var(--h2_typography-letter-spacing);\"><span class=\" fusion-imageframe imageframe-none imageframe-2 hover-type-none\" style=\"border-radius:20px;\"><img decoding=\"async\" width=\"229\" height=\"229\" title=\"Professor-Dr-Dr-Eufinger\" src=\"https:\/\/meinlachen.de\/wp-content\/uploads\/2022\/03\/Professor-Dr-Dr-Eufinger.png\" alt class=\"img-responsive wp-image-4716\" srcset=\"https:\/\/meinlachen.de\/wp-content\/uploads\/2022\/03\/Professor-Dr-Dr-Eufinger-200x200.png 200w, https:\/\/meinlachen.de\/wp-content\/uploads\/2022\/03\/Professor-Dr-Dr-Eufinger.png 229w\" sizes=\"(max-width: 640px) 100vw, 229px\" \/><\/span><\/div><\/div><\/div><div class=\"fusion-layout-column fusion_builder_column fusion-builder-column-8 fusion_builder_column_1_1 1_1 fusion-flex-column\" style=\"--awb-padding-right:30px;--awb-padding-left:30px;--awb-padding-right-medium:0px;--awb-padding-left-medium:0px;--awb-padding-right-small:0px;--awb-padding-left-small:0px;--awb-overflow:hidden;--awb-bg-color:#ffffff;--awb-bg-color-hover:#ffffff;--awb-bg-size:cover;--awb-border-radius:40px 40px 0px 0px;--awb-width-large:100%;--awb-margin-top-large:0px;--awb-spacing-right-large:1.92%;--awb-margin-bottom-large:20px;--awb-spacing-left-large:1.92%;--awb-width-medium:100%;--awb-order-medium:0;--awb-spacing-right-medium:1.92%;--awb-spacing-left-medium:1.92%;--awb-width-small:100%;--awb-order-small:0;--awb-spacing-right-small:1.92%;--awb-spacing-left-small:1.92%;\"><div class=\"fusion-column-wrapper fusion-column-has-shadow fusion-flex-justify-content-flex-start fusion-content-layout-column\"><div class=\"fusion-title title fusion-title-3 fusion-sep-none fusion-title-text fusion-title-size-two\" style=\"--awb-margin-top-small:20px;--awb-margin-right-small:0px;--awb-margin-bottom-small:20px;--awb-margin-left-small:0px;\"><h2 class=\"fusion-title-heading title-heading-left fusion-responsive-typography-calculated\" style=\"margin:0;--fontSize:32;line-height:var(--awb-typography1-line-height);\">Amac\u0131m\u0131z: M\u00fckemmel i\u015flev ve estetik<\/h2><\/div><div class=\"fusion-text fusion-text-3\" style=\"--awb-text-transform:none;\"><p>Tedavinin ilk amac\u0131 \u00e7ene ayg\u0131t\u0131n\u0131z\u0131n kusursuz bi\u00e7imde i\u015fleyi\u015finin yeniden tesisidir. Bu nedenle gerek \u00e7ene ortopedisi ve gerekse ameliyat\u0131n masraflar\u0131 gerek yasal sa\u011fl\u0131k sigortalar\u0131 ve \u00e7o\u011fu \u00f6zel sa\u011fl\u0131k sigortas\u0131 ile sosyal destek sa\u011flayan kurumlarca kar\u015f\u0131lanmaktad\u0131r. Tedavinin ikinci amac\u0131 ise y\u00fcz esteti\u011finin yeniden sa\u011flanmas\u0131d\u0131r ve bu durum \u00e7ok say\u0131daki hastay\u0131 tedaviye motive eden nedendir.<\/p>\n<\/div><div class=\"fusion-title title fusion-title-4 fusion-sep-none fusion-title-text fusion-title-size-two\" style=\"--awb-margin-top-small:20px;--awb-margin-right-small:0px;--awb-margin-bottom-small:20px;--awb-margin-left-small:0px;\"><h2 class=\"fusion-title-heading title-heading-left fusion-responsive-typography-calculated\" style=\"margin:0;--fontSize:32;line-height:var(--awb-typography1-line-height);\">En m\u00fckemmel tedavi sonucu i\u00e7in yo\u011fun planlama<\/h2><\/div><div class=\"fusion-text fusion-text-4\" style=\"--awb-text-transform:none;\"><p>Kombine haldeki \u00e7ene ortopedisi ve cerrahi tedavi kural olarak sabit oturan bir di\u015f kancas\u0131n\u0131n tak\u0131ld\u0131\u011f\u0131 \u00e7ene ortopedisi \u00f6n tedavisi ile ba\u015flar. Burada talep \u00fczerine farkl\u0131 uygulamalara gidilebilir ve bunlar\u0131n iddial\u0131 istekleri bulunan hastalar\u0131n taleplerine yan\u0131t verebilmesi gerekir. Di\u015f kavisleri ideal bi\u00e7imde birbirlerine uyum sa\u011flayacak hale getirildikten sonra, bunu takip edecek ameliyat r\u00f6ntgen \u00e7ekimleri ve \u00e7ene modelleri yard\u0131m\u0131 ile bir t\u00fcr \u00e7i\u011fneme sim\u00fclat\u00f6r\u00fcnde sim\u00fcle edilir. Daha sonra hasta 3 veya 4 geceli\u011fine hastaneye yat\u0131r\u0131l\u0131r.<\/p>\n<p>Yap\u0131lan ameliyatta \u00fcst ve\/veya alt \u00e7ene kemikleri birbirlerinden ayr\u0131larak istenen konuma getirildikten sonra titandan yap\u0131lm\u0131\u015f k\u00fc\u00e7\u00fck bir plaka ile stabilize edilirler. Ameliyat\u0131n tamam\u0131 a\u011f\u0131z bo\u015flu\u011funun komple narkotize edilmesi ile ger\u00e7ekle\u015ftirilir, b\u00f6ylece d\u0131\u015far\u0131dan herhangi bir kesim veya yara izi g\u00f6r\u00fclmez. Ameliyattan sonra sabit di\u015f kancas\u0131 \u00fc\u00e7 ila alt\u0131 ay kadar a\u011f\u0131zda kal\u0131r, bu durum ameliyattan sonra \u00e7ene ayg\u0131t\u0131n\u0131n ince ayar\u0131 i\u00e7in gereklidir. Bu an itibar\u0131yla mevcut titan plakalar\u0131 k\u00fc\u00e7\u00fck ve ayakta ger\u00e7ekle\u015ftirilen bir ameliyatla \u00e7\u0131kart\u0131l\u0131r.<\/p>\n<\/div><div class=\"fusion-title title fusion-title-5 fusion-sep-none fusion-title-text fusion-title-size-two\" style=\"--awb-margin-top-small:20px;--awb-margin-right-small:0px;--awb-margin-bottom-small:20px;--awb-margin-left-small:0px;\"><h2 class=\"fusion-title-heading title-heading-left fusion-responsive-typography-calculated\" style=\"margin:0;--fontSize:32;line-height:var(--awb-typography1-line-height);\">Tedavide elde edilen sonucun korunmas\u0131 i\u00e7in uzun d\u00f6nemli stabilizasyon<\/h2><\/div><div class=\"fusion-text fusion-text-5\" style=\"--awb-text-transform:none;\"><p>Komple tedavi ba\u015far\u0131s\u0131n\u0131n sa\u011flad\u0131\u011f\u0131 sonu\u00e7 sabit di\u015f kancas\u0131 \u00e7\u0131kart\u0131ld\u0131ktan sonra ihtiyaca g\u00f6re belirlenen bir d\u00f6nem boyunca stabilize edilir. Stabilizasyon farkl\u0131 ve talep do\u011frultusunda \u00e7o\u011fu zaman d\u0131\u015far\u0131dan g\u00f6r\u00fcnmeyen apareyler ile ger\u00e7ekle\u015ftirilir.<\/p>\n<\/div><\/div><\/div><\/div><\/div><div class=\"fusion-fullwidth fullwidth-box fusion-builder-row-4 fusion-flex-container nonhundred-percent-fullwidth non-hundred-percent-height-scrolling fusion-no-small-visibility fusion-no-medium-visibility\" style=\"--awb-border-radius-top-left:0px;--awb-border-radius-top-right:0px;--awb-border-radius-bottom-right:0px;--awb-border-radius-bottom-left:0px;--awb-padding-top:5%;--awb-padding-bottom:5%;--awb-background-image:linear-gradient(145deg, #ff9600 20%,#b13a88 75%);--awb-flex-wrap:wrap;\" ><div class=\"fusion-builder-row fusion-row fusion-flex-align-items-flex-start fusion-flex-content-wrap\" style=\"max-width:1185.6px;margin-left: calc(-4% \/ 2 );margin-right: calc(-4% \/ 2 );\"><div class=\"fusion-layout-column fusion_builder_column fusion-builder-column-9 fusion_builder_column_1_4 1_4 fusion-flex-column\" style=\"--awb-padding-left-medium:30px;--awb-padding-right-small:30px;--awb-padding-left-small:30px;--awb-bg-size:cover;--awb-width-large:25%;--awb-margin-top-large:0px;--awb-spacing-right-large:7.68%;--awb-margin-bottom-large:20px;--awb-spacing-left-large:7.68%;--awb-width-medium:25%;--awb-order-medium:0;--awb-spacing-right-medium:7.68%;--awb-spacing-left-medium:7.68%;--awb-width-small:100%;--awb-order-small:0;--awb-spacing-right-small:1.92%;--awb-spacing-left-small:1.92%;\"><div class=\"fusion-column-wrapper fusion-column-has-shadow fusion-flex-justify-content-flex-start fusion-content-layout-column\"><div class=\"fusion-image-element sm-text-align-center\" style=\"--awb-max-width:200px;--awb-caption-title-font-family:var(--h2_typography-font-family);--awb-caption-title-font-weight:var(--h2_typography-font-weight);--awb-caption-title-font-style:var(--h2_typography-font-style);--awb-caption-title-size:var(--h2_typography-font-size);--awb-caption-title-transform:var(--h2_typography-text-transform);--awb-caption-title-line-height:var(--h2_typography-line-height);--awb-caption-title-letter-spacing:var(--h2_typography-letter-spacing);\"><span class=\" fusion-imageframe imageframe-none imageframe-3 hover-type-none\" style=\"border-radius:20px;\"><img decoding=\"async\" width=\"158\" height=\"181\" title=\"icon-calender\" src=\"https:\/\/meinlachen.de\/wp-content\/uploads\/2022\/01\/icon-calender.svg\" alt class=\"img-responsive wp-image-2802\"\/><\/span><\/div><\/div><\/div><div class=\"fusion-layout-column fusion_builder_column fusion-builder-column-10 fusion_builder_column_3_4 3_4 fusion-flex-column\" style=\"--awb-padding-right-medium:30px;--awb-padding-right-small:30px;--awb-padding-left-small:30px;--awb-bg-size:cover;--awb-width-large:75%;--awb-margin-top-large:0px;--awb-spacing-right-large:2.56%;--awb-margin-bottom-large:20px;--awb-spacing-left-large:2.56%;--awb-width-medium:75%;--awb-order-medium:0;--awb-spacing-right-medium:2.56%;--awb-spacing-left-medium:2.56%;--awb-width-small:100%;--awb-order-small:0;--awb-spacing-right-small:1.92%;--awb-spacing-left-small:1.92%;\"><div class=\"fusion-column-wrapper fusion-column-has-shadow fusion-flex-justify-content-flex-start fusion-content-layout-column\"><div class=\"fusion-title title fusion-title-6 fusion-sep-none fusion-title-text fusion-title-size-two white\" style=\"--awb-text-color:var(--awb-color1);--awb-margin-top:0px;--awb-margin-top-small:20px;--awb-margin-right-small:0px;--awb-margin-bottom-small:20px;--awb-margin-left-small:0px;--awb-font-size:48px;\"><h2 class=\"fusion-title-heading title-heading-left sm-text-align-center fusion-responsive-typography-calculated\" style=\"font-family:&quot;Roboto&quot;;font-style:normal;font-weight:300;margin:0;letter-spacing:var(--awb-typography1-letter-spacing);text-transform:uppercase;font-size:1em;--fontSize:48;line-height:var(--awb-typography1-line-height);\">Randevu almak \u2013 \u00e7ok kolay<\/h2><\/div><div class=\"fusion-text fusion-text-6 sm-text-align-center\" style=\"--awb-font-size:22px;--awb-line-height:1.1;--awb-text-transform:none;--awb-text-color:#ffffff;--awb-text-font-family:&quot;Roboto&quot;;--awb-text-font-style:normal;--awb-text-font-weight:300;\"><p style=\"color: #ffffff !important;\">Di\u015f randevunuzu istedi\u011finiz klini\u011fimizden online veya telefondan kolayl\u0131kla alabilirsiniz<\/p>\n<\/div><div style=\"text-align:center;\"><a class=\"fusion-button button-flat fusion-button-default-size button-custom fusion-button-default button-1 fusion-button-span-yes fusion-button-default-type cta-gradient\" style=\"--button_accent_color:#b13a88;--button_accent_hover_color:#b13a88;--button_border_hover_color:#b13a88;--button_gradient_angle:180deg;--button_gradient_top_color:#ffffff;--button_gradient_bottom_color:#ffffff;--button_gradient_top_color_hover:#ffffff;--button_gradient_bottom_color_hover:#ffffff;\" target=\"_blank\" rel=\"noopener noreferrer\" href=\"https:\/\/ldweb-l1100099.ptcloud.de\/?app=terminonline\"><span class=\"fusion-button-text awb-button__text awb-button__text--default\">Randevu alma<\/span><\/a><\/div><div class=\"fusion-separator fusion-full-width-sep\" style=\"align-self: center;margin-left: auto;margin-right: auto;margin-top:25px;width:100%;\"><\/div><div class=\"fusion-builder-row fusion-builder-row-inner fusion-row fusion-flex-align-items-flex-start fusion-flex-content-wrap\" style=\"--awb-flex-grow:0;--awb-flex-grow-medium:0;--awb-flex-grow-small:0;--awb-flex-shrink:0;--awb-flex-shrink-medium:0;--awb-flex-shrink-small:0;width:104% !important;max-width:104% !important;margin-left: calc(-4% \/ 2 );margin-right: calc(-4% \/ 2 );\"><div class=\"fusion-layout-column fusion_builder_column_inner fusion-builder-nested-column-0 fusion_builder_column_inner_1_2 1_2 fusion-flex-column\" style=\"--awb-bg-size:cover;--awb-width-large:50%;--awb-margin-top-large:0px;--awb-spacing-right-large:3.84%;--awb-margin-bottom-large:20px;--awb-spacing-left-large:3.84%;--awb-width-medium:50%;--awb-order-medium:0;--awb-spacing-right-medium:3.84%;--awb-spacing-left-medium:3.84%;--awb-width-small:100%;--awb-order-small:0;--awb-spacing-right-small:1.92%;--awb-spacing-left-small:1.92%;\"><div class=\"fusion-column-wrapper fusion-column-has-shadow fusion-flex-justify-content-flex-start fusion-content-layout-column\"><div ><a class=\"fusion-button button-flat fusion-button-default-size button-custom fusion-button-default button-2 fusion-button-span-yes fusion-button-default-type button-icon\" style=\"--button_accent_color:#ffffff;--button_border_color:#ffffff;--button_accent_hover_color:#ffffff;--button_border_hover_color:#ffffff;--button_gradient_angle:180deg;--button_gradient_top_color:rgba(255,255,255,0);--button_gradient_bottom_color:rgba(255,255,255,0);--button_gradient_top_color_hover:rgba(255,255,255,0);--button_gradient_bottom_color_hover:rgba(255,255,255,0);\" target=\"_self\" href=\"tel:+4923415020\"><span class=\"fusion-button-text awb-button__text awb-button__text--default\">Bochum klini\u011fi ara<\/span><\/a><\/div><\/div><\/div><div class=\"fusion-layout-column fusion_builder_column_inner fusion-builder-nested-column-1 fusion_builder_column_inner_1_2 1_2 fusion-flex-column\" style=\"--awb-bg-size:cover;--awb-width-large:50%;--awb-margin-top-large:0px;--awb-spacing-right-large:3.84%;--awb-margin-bottom-large:20px;--awb-spacing-left-large:3.84%;--awb-width-medium:50%;--awb-order-medium:0;--awb-spacing-right-medium:3.84%;--awb-spacing-left-medium:3.84%;--awb-width-small:100%;--awb-order-small:0;--awb-spacing-right-small:1.92%;--awb-spacing-left-small:1.92%;\"><div class=\"fusion-column-wrapper fusion-column-has-shadow fusion-flex-justify-content-flex-start fusion-content-layout-column\"><div ><a class=\"fusion-button button-flat fusion-button-default-size button-custom fusion-button-default button-3 fusion-button-span-yes fusion-button-default-type button-icon\" style=\"--button_accent_color:#ffffff;--button_border_color:#ffffff;--button_accent_hover_color:#ffffff;--button_border_hover_color:#ffffff;--button_gradient_angle:180deg;--button_gradient_top_color:rgba(255,255,255,0);--button_gradient_bottom_color:rgba(255,255,255,0);--button_gradient_top_color_hover:rgba(255,255,255,0);--button_gradient_bottom_color_hover:rgba(255,255,255,0);\" target=\"_self\" href=\"tel:+492327991870\"><span class=\"fusion-button-text awb-button__text awb-button__text--default\">Wattenscheid klini\u011fi ara<\/span><\/a><\/div><\/div><\/div><\/div><\/div><\/div><\/div><\/div>\n<\/p>\n","protected":false},"excerpt":{"rendered":"","protected":false},"author":5,"featured_media":0,"parent":0,"menu_order":0,"comment_status":"closed","ping_status":"closed","template":"100-width.php","meta":{"_acf_changed":false,"footnotes":""},"class_list":["post-4878","page","type-page","status-publish","hentry"],"acf":[],"yoast_head":"<!-- This site is optimized with the Yoast SEO plugin v27.7 - https:\/\/yoast.com\/product\/yoast-seo-wordpress\/ -->\n<title>Kombine \u00e7ene ortopedisi cerrahisi - meinlachen.de<\/title>\n<meta name=\"robots\" content=\"index, follow, max-snippet:-1, max-image-preview:large, max-video-preview:-1\" \/>\n<link rel=\"canonical\" href=\"https:\/\/meinlachen.de\/tr\/kombine-cene-ortopedisi-cerrahisi\/\" \/>\n<meta property=\"og:locale\" content=\"tr_TR\" \/>\n<meta property=\"og:type\" content=\"article\" \/>\n<meta property=\"og:title\" content=\"Kombine \u00e7ene ortopedisi cerrahisi - meinlachen.de\" \/>\n<meta property=\"og:url\" content=\"https:\/\/meinlachen.de\/tr\/kombine-cene-ortopedisi-cerrahisi\/\" \/>\n<meta property=\"og:site_name\" content=\"meinlachen.de\" \/>\n<meta property=\"article:modified_time\" content=\"2023-01-24T14:24:25+00:00\" \/>\n<meta property=\"og:image\" content=\"https:\/\/meinlachen.de\/wp-content\/uploads\/2022\/12\/meinlachen-teambild-header.jpg\" \/>\n\t<meta property=\"og:image:width\" content=\"2000\" \/>\n\t<meta property=\"og:image:height\" content=\"1334\" \/>\n\t<meta property=\"og:image:type\" content=\"image\/jpeg\" \/>\n<meta name=\"twitter:card\" content=\"summary_large_image\" \/>\n<meta name=\"twitter:label1\" content=\"Tahmini okuma s\u00fcresi\" \/>\n\t<meta name=\"twitter:data1\" content=\"19 dakika\" \/>\n<script type=\"application\/ld+json\" class=\"yoast-schema-graph\">{\"@context\":\"https:\\\/\\\/schema.org\",\"@graph\":[{\"@type\":\"WebPage\",\"@id\":\"https:\\\/\\\/meinlachen.de\\\/tr\\\/kombine-cene-ortopedisi-cerrahisi\\\/\",\"url\":\"https:\\\/\\\/meinlachen.de\\\/tr\\\/kombine-cene-ortopedisi-cerrahisi\\\/\",\"name\":\"Kombine \u00e7ene ortopedisi cerrahisi - meinlachen.de\",\"isPartOf\":{\"@id\":\"https:\\\/\\\/meinlachen.de\\\/tr\\\/#website\"},\"datePublished\":\"2022-04-01T13:40:16+00:00\",\"dateModified\":\"2023-01-24T14:24:25+00:00\",\"breadcrumb\":{\"@id\":\"https:\\\/\\\/meinlachen.de\\\/tr\\\/kombine-cene-ortopedisi-cerrahisi\\\/#breadcrumb\"},\"inLanguage\":\"tr\",\"potentialAction\":[{\"@type\":\"ReadAction\",\"target\":[\"https:\\\/\\\/meinlachen.de\\\/tr\\\/kombine-cene-ortopedisi-cerrahisi\\\/\"]}]},{\"@type\":\"BreadcrumbList\",\"@id\":\"https:\\\/\\\/meinlachen.de\\\/tr\\\/kombine-cene-ortopedisi-cerrahisi\\\/#breadcrumb\",\"itemListElement\":[{\"@type\":\"ListItem\",\"position\":1,\"name\":\"Startseite\",\"item\":\"https:\\\/\\\/meinlachen.de\\\/tr\\\/\"},{\"@type\":\"ListItem\",\"position\":2,\"name\":\"Kombine \u00e7ene ortopedisi cerrahisi\"}]},{\"@type\":\"WebSite\",\"@id\":\"https:\\\/\\\/meinlachen.de\\\/tr\\\/#website\",\"url\":\"https:\\\/\\\/meinlachen.de\\\/tr\\\/\",\"name\":\"meinlachen.de\",\"description\":\"Just another WordPress site\",\"potentialAction\":[{\"@type\":\"SearchAction\",\"target\":{\"@type\":\"EntryPoint\",\"urlTemplate\":\"https:\\\/\\\/meinlachen.de\\\/tr\\\/?s={search_term_string}\"},\"query-input\":{\"@type\":\"PropertyValueSpecification\",\"valueRequired\":true,\"valueName\":\"search_term_string\"}}],\"inLanguage\":\"tr\"}]}<\/script>\n<!-- \/ Yoast SEO plugin. -->","yoast_head_json":{"title":"Kombine \u00e7ene ortopedisi cerrahisi - meinlachen.de","robots":{"index":"index","follow":"follow","max-snippet":"max-snippet:-1","max-image-preview":"max-image-preview:large","max-video-preview":"max-video-preview:-1"},"canonical":"https:\/\/meinlachen.de\/tr\/kombine-cene-ortopedisi-cerrahisi\/","og_locale":"tr_TR","og_type":"article","og_title":"Kombine \u00e7ene ortopedisi cerrahisi - meinlachen.de","og_url":"https:\/\/meinlachen.de\/tr\/kombine-cene-ortopedisi-cerrahisi\/","og_site_name":"meinlachen.de","article_modified_time":"2023-01-24T14:24:25+00:00","og_image":[{"width":2000,"height":1334,"url":"https:\/\/meinlachen.de\/wp-content\/uploads\/2022\/12\/meinlachen-teambild-header.jpg","type":"image\/jpeg"}],"twitter_card":"summary_large_image","twitter_misc":{"Tahmini okuma s\u00fcresi":"19 dakika"},"schema":{"@context":"https:\/\/schema.org","@graph":[{"@type":"WebPage","@id":"https:\/\/meinlachen.de\/tr\/kombine-cene-ortopedisi-cerrahisi\/","url":"https:\/\/meinlachen.de\/tr\/kombine-cene-ortopedisi-cerrahisi\/","name":"Kombine \u00e7ene ortopedisi cerrahisi - meinlachen.de","isPartOf":{"@id":"https:\/\/meinlachen.de\/tr\/#website"},"datePublished":"2022-04-01T13:40:16+00:00","dateModified":"2023-01-24T14:24:25+00:00","breadcrumb":{"@id":"https:\/\/meinlachen.de\/tr\/kombine-cene-ortopedisi-cerrahisi\/#breadcrumb"},"inLanguage":"tr","potentialAction":[{"@type":"ReadAction","target":["https:\/\/meinlachen.de\/tr\/kombine-cene-ortopedisi-cerrahisi\/"]}]},{"@type":"BreadcrumbList","@id":"https:\/\/meinlachen.de\/tr\/kombine-cene-ortopedisi-cerrahisi\/#breadcrumb","itemListElement":[{"@type":"ListItem","position":1,"name":"Startseite","item":"https:\/\/meinlachen.de\/tr\/"},{"@type":"ListItem","position":2,"name":"Kombine \u00e7ene ortopedisi cerrahisi"}]},{"@type":"WebSite","@id":"https:\/\/meinlachen.de\/tr\/#website","url":"https:\/\/meinlachen.de\/tr\/","name":"meinlachen.de","description":"Just another WordPress site","potentialAction":[{"@type":"SearchAction","target":{"@type":"EntryPoint","urlTemplate":"https:\/\/meinlachen.de\/tr\/?s={search_term_string}"},"query-input":{"@type":"PropertyValueSpecification","valueRequired":true,"valueName":"search_term_string"}}],"inLanguage":"tr"}]}},"_links":{"self":[{"href":"https:\/\/meinlachen.de\/tr\/wp-json\/wp\/v2\/pages\/4878","targetHints":{"allow":["GET"]}}],"collection":[{"href":"https:\/\/meinlachen.de\/tr\/wp-json\/wp\/v2\/pages"}],"about":[{"href":"https:\/\/meinlachen.de\/tr\/wp-json\/wp\/v2\/types\/page"}],"author":[{"embeddable":true,"href":"https:\/\/meinlachen.de\/tr\/wp-json\/wp\/v2\/users\/5"}],"replies":[{"embeddable":true,"href":"https:\/\/meinlachen.de\/tr\/wp-json\/wp\/v2\/comments?post=4878"}],"version-history":[{"count":4,"href":"https:\/\/meinlachen.de\/tr\/wp-json\/wp\/v2\/pages\/4878\/revisions"}],"predecessor-version":[{"id":5523,"href":"https:\/\/meinlachen.de\/tr\/wp-json\/wp\/v2\/pages\/4878\/revisions\/5523"}],"wp:attachment":[{"href":"https:\/\/meinlachen.de\/tr\/wp-json\/wp\/v2\/media?parent=4878"}],"curies":[{"name":"wp","href":"https:\/\/api.w.org\/{rel}","templated":true}]}}